{"id":154,"date":"2019-04-08T18:55:00","date_gmt":"2019-04-08T18:55:00","guid":{"rendered":"https:\/\/pelaestrada.com.br\/sites\/extensao\/?page_id=154"},"modified":"2025-05-16T21:00:10","modified_gmt":"2025-05-16T21:00:10","slug":"o-observatorio","status":"publish","type":"page","link":"https:\/\/observatoriodesigualdades.fjp.mg.gov.br\/?page_id=154","title":{"rendered":"O Observat\u00f3rio"},"content":{"rendered":"\t\t<div data-elementor-type=\"wp-post\" data-elementor-id=\"154\" class=\"elementor elementor-154\">\n\t\t\t\t\t\t<section class=\"elementor-section elementor-top-section elementor-element elementor-element-3c9a0fd elementor-section-full_width elementor-section-height-min-height elementor-section-height-default elementor-section-items-middle\" data-id=\"3c9a0fd\" data-element_type=\"section\" data-e-type=\"section\">\n\t\t\t\t\t\t<div class=\"elementor-container elementor-column-gap-default\">\n\t\t\t\t\t<div class=\"elementor-column elementor-col-50 elementor-top-column elementor-element elementor-element-0d81a12\" data-id=\"0d81a12\" data-element_type=\"column\" data-e-type=\"column\">\n\t\t\t<div class=\"elementor-widget-wrap elementor-element-populated\">\n\t\t\t\t\t\t<div class=\"elementor-element elementor-element-5589d8c elementor-widget__width-initial elementor-absolute elementor-widget-mobile__width-initial elementor-widget elementor-widget-text-editor\" data-id=\"5589d8c\" data-element_type=\"widget\" data-e-type=\"widget\" data-settings=\"{&quot;_position&quot;:&quot;absolute&quot;}\" data-widget_type=\"text-editor.default\">\n\t\t\t\t<div class=\"elementor-widget-container\">\n\t\t\t\t\t\t\t\t\t<p>Parceria entre a Funda\u00e7\u00e3o Jo\u00e3o Pinheiro (FJP) e o Conselho Regional de Economia der Minas Gerais (Corecon-MG), o Observat\u00f3rio das Desigualdades, criado em agosto de 2018, \u00e9 um projeto de extens\u00e3o do curso de Administra\u00e7\u00e3o P\u00fablica da FJP que busca contribuir com o debate informado sobre as diferentes faces da desigualdade social, os mecanismos que as produzem e reproduzem e as formas de enfrent\u00e1-la, difundindo e tornando mais acess\u00edvel o conhecimento e as informa\u00e7\u00f5es sobre o tema.<span style=\"letter-spacing: 0px;\">\u00a0<\/span><\/p><p><em>*As opini\u00f5es expressas neste site n\u00e3o representam necessariamente a posi\u00e7\u00e3o das institui\u00e7\u00f5es.<\/em><span style=\"letter-spacing: 0px;\"><br \/><\/span><\/p>\t\t\t\t\t\t\t\t<\/div>\n\t\t\t\t<\/div>\n\t\t\t\t\t<\/div>\n\t\t<\/div>\n\t\t\t\t<div class=\"elementor-column elementor-col-50 elementor-top-column elementor-element elementor-element-dafe0df\" data-id=\"dafe0df\" data-element_type=\"column\" data-e-type=\"column\">\n\t\t\t<div class=\"elementor-widget-wrap\">\n\t\t\t\t\t\t\t<\/div>\n\t\t<\/div>\n\t\t\t\t\t<\/div>\n\t\t<\/section>\n\t\t\t\t<section class=\"elementor-section elementor-top-section elementor-element elementor-element-4be7ce0 elementor-section-boxed elementor-section-height-default elementor-section-height-default\" data-id=\"4be7ce0\" data-element_type=\"section\" data-e-type=\"section\">\n\t\t\t\t\t\t<div class=\"elementor-container elementor-column-gap-default\">\n\t\t\t\t\t<div class=\"elementor-column elementor-col-33 elementor-top-column elementor-element elementor-element-3ec2095\" data-id=\"3ec2095\" data-element_type=\"column\" data-e-type=\"column\">\n\t\t\t<div class=\"elementor-widget-wrap elementor-element-populated\">\n\t\t\t\t\t\t<div class=\"elementor-element elementor-element-8eca8ae elementor-widget elementor-widget-image\" data-id=\"8eca8ae\" data-element_type=\"widget\" data-e-type=\"widget\" data-widget_type=\"image.default\">\n\t\t\t\t<div class=\"elementor-widget-container\">\n\t\t\t\t\t\t\t\t\t\t\t\t\t\t\t<img fetchpriority=\"high\" decoding=\"async\" width=\"1654\" height=\"1654\" src=\"https:\/\/observatoriodesigualdades.fjp.mg.gov.br\/wp-content\/uploads\/2025\/05\/Sem-nome-Quadro-branco-4.jpg\" class=\"attachment-full size-full wp-image-4314\" alt=\"\" srcset=\"https:\/\/observatoriodesigualdades.fjp.mg.gov.br\/wp-content\/uploads\/2025\/05\/Sem-nome-Quadro-branco-4.jpg 1654w, https:\/\/observatoriodesigualdades.fjp.mg.gov.br\/wp-content\/uploads\/2025\/05\/Sem-nome-Quadro-branco-4-300x300.jpg 300w, https:\/\/observatoriodesigualdades.fjp.mg.gov.br\/wp-content\/uploads\/2025\/05\/Sem-nome-Quadro-branco-4-1024x1024.jpg 1024w, https:\/\/observatoriodesigualdades.fjp.mg.gov.br\/wp-content\/uploads\/2025\/05\/Sem-nome-Quadro-branco-4-150x150.jpg 150w, https:\/\/observatoriodesigualdades.fjp.mg.gov.br\/wp-content\/uploads\/2025\/05\/Sem-nome-Quadro-branco-4-768x768.jpg 768w, https:\/\/observatoriodesigualdades.fjp.mg.gov.br\/wp-content\/uploads\/2025\/05\/Sem-nome-Quadro-branco-4-1536x1536.jpg 1536w, https:\/\/observatoriodesigualdades.fjp.mg.gov.br\/wp-content\/uploads\/2025\/05\/Sem-nome-Quadro-branco-4-600x600.jpg 600w\" sizes=\"(max-width: 1654px) 100vw, 1654px\" \/>\t\t\t\t\t\t\t\t\t\t\t\t\t\t\t<\/div>\n\t\t\t\t<\/div>\n\t\t\t\t<div class=\"elementor-element elementor-element-d0e4f6e elementor-absolute elementor-widget-mobile__width-initial elementor-widget elementor-widget-heading\" data-id=\"d0e4f6e\" data-element_type=\"widget\" data-e-type=\"widget\" data-settings=\"{&quot;_position&quot;:&quot;absolute&quot;}\" data-widget_type=\"heading.default\">\n\t\t\t\t<div class=\"elementor-widget-container\">\n\t\t\t\t\t<h2 class=\"elementor-heading-title elementor-size-default\"><a href=\"https:\/\/buscatextual.cnpq.br\/buscatextual\/visualizacv.do?id=K4782680H7&#038;tokenCaptchar=03AFcWeA4nMnIpotnZc6v6I1qJOoxE42KOIl0twVtFAzccFyJm_T8YEatzax4Q4KOYXCu68nR1nshWpbvRvAkcHw4Tn5X1Zr7ZDII-tmueoBSRGTFfUfIrvPzgJBm85L9dVC2233bY5VshOTJ56-IY3IFjmfCy7zOR1EnWoupYfXIu9uY4d7z-V6docjzHmt9stg-jYg6LPpZqKX8uFamy7H6L960gdxVcXPTU15AgR5hpk2TiAG13Z8jqg9SemeLCN1frOCtkbGNgTn3S5dUc8LJW9O6-CtHIcGLPM1QgRqWCKMf916xwonJAckpmPCaZQgAlgioedA-48W6sxdegFfgaUzR55BxGk2j8fsLY9bF5D-YPH24D3xHcppRTeoo_TzP3IRTP_aGvHwm26O1S339OEF72-iZboYQpZrsG4zWcGAUvKAqu_1j15zAP2sGHpJwatc-f2FGiZSzdqYhPrdbIiq6_pWClXcG5Gi7UnEWax2Id8Ve1omGSEZv8M6f6F8j04tuQBf2oAjqbuFkp_nr_TgQIs9I3K2_LeTP3AoZ9SFpGIy1Fwb_ffYVYoAWEGm1Ts2diWC14igAdfj4d1Lzb9zOW0U0YB8LmKoCB1hBhxU9n-ax1cUy_PBFfWZbiU0dMgUJfFlqngUw8yTSrunJ9fF6NkYcvEPJFrJpUd6Eo0Uve-1UkYDFZfDMFf7vQ5DO8jEn8VHUDH5HphE6CdtsO1XKzmgscGcPZppaKQYR5W-RHK4KHaMNKALQ5JCvrChFQwD7Z-0xXzziZ0-Z7AZHhj0ZL2P20jc-lb0t3qVl-Kksq3LgWiDMCIY3CLEBqMJDc8uzFWgoYGcHnxn4rz5SHm9Mj4ZgfFah7QsSuASPYTK7yfvNjT85hs15ye6BIeAereWPPa8EsL94tRtvx91YPianbLSAujmK7SOD1A1zitWAlbbmpJs0FOJdb-LVh0OAujd6r1WGmcmdcj-99XjBoeZBIshpOLlBTQ9O_svasGtIqa_LQouxmkfuGfkgcfOfCszSSXibUrfNi9DuArBD3KmnutipcBQM13mvjq2CZh8_0iu1_X4g\">Bruno Lazzarotti<\/a><\/h2>\t\t\t\t<\/div>\n\t\t\t\t<\/div>\n\t\t\t\t\t<\/div>\n\t\t<\/div>\n\t\t\t\t<div class=\"elementor-column elementor-col-66 elementor-top-column elementor-element elementor-element-2f4df84\" data-id=\"2f4df84\" data-element_type=\"column\" data-e-type=\"column\">\n\t\t\t<div class=\"elementor-widget-wrap elementor-element-populated\">\n\t\t\t\t\t\t<div class=\"elementor-element elementor-element-f469b9d elementor-absolute elementor-widget elementor-widget-text-editor\" data-id=\"f469b9d\" data-element_type=\"widget\" data-e-type=\"widget\" data-settings=\"{&quot;_position&quot;:&quot;absolute&quot;}\" data-widget_type=\"text-editor.default\">\n\t\t\t\t<div class=\"elementor-widget-container\">\n\t\t\t\t\t\t\t\t\t<p>Coordenador do Observat\u00f3rio das Desigualdades. Doutor em Sociologia e Pol\u00edtica pela Universidade Federal de Minas Gerais (UFMG) e pesquisador da Funda\u00e7\u00e3o Jo\u00e3o Pinheiro (FJP).<\/p><p>Contato:\u00a0bruno.diniz@fjp.mg.gov.br<\/p>\t\t\t\t\t\t\t\t<\/div>\n\t\t\t\t<\/div>\n\t\t\t\t\t<\/div>\n\t\t<\/div>\n\t\t\t\t\t<\/div>\n\t\t<\/section>\n\t\t\t\t<section class=\"elementor-section elementor-top-section elementor-element elementor-element-92ddd56 elementor-section-boxed elementor-section-height-default elementor-section-height-default\" data-id=\"92ddd56\" data-element_type=\"section\" data-e-type=\"section\">\n\t\t\t\t\t\t<div class=\"elementor-container elementor-column-gap-default\">\n\t\t\t\t\t<div class=\"elementor-column elementor-col-33 elementor-top-column elementor-element elementor-element-8618e7c\" data-id=\"8618e7c\" data-element_type=\"column\" data-e-type=\"column\">\n\t\t\t<div class=\"elementor-widget-wrap elementor-element-populated\">\n\t\t\t\t\t\t<div class=\"elementor-element elementor-element-d91bb99 elementor-widget elementor-widget-image\" data-id=\"d91bb99\" data-element_type=\"widget\" data-e-type=\"widget\" data-widget_type=\"image.default\">\n\t\t\t\t<div class=\"elementor-widget-container\">\n\t\t\t\t\t\t\t\t\t\t\t\t\t\t\t<img decoding=\"async\" width=\"1654\" height=\"1654\" src=\"https:\/\/observatoriodesigualdades.fjp.mg.gov.br\/wp-content\/uploads\/2025\/05\/Sem-nome-Quadro-branco-3.jpg\" class=\"attachment-full size-full wp-image-4316\" alt=\"\" srcset=\"https:\/\/observatoriodesigualdades.fjp.mg.gov.br\/wp-content\/uploads\/2025\/05\/Sem-nome-Quadro-branco-3.jpg 1654w, https:\/\/observatoriodesigualdades.fjp.mg.gov.br\/wp-content\/uploads\/2025\/05\/Sem-nome-Quadro-branco-3-300x300.jpg 300w, https:\/\/observatoriodesigualdades.fjp.mg.gov.br\/wp-content\/uploads\/2025\/05\/Sem-nome-Quadro-branco-3-1024x1024.jpg 1024w, https:\/\/observatoriodesigualdades.fjp.mg.gov.br\/wp-content\/uploads\/2025\/05\/Sem-nome-Quadro-branco-3-150x150.jpg 150w, https:\/\/observatoriodesigualdades.fjp.mg.gov.br\/wp-content\/uploads\/2025\/05\/Sem-nome-Quadro-branco-3-768x768.jpg 768w, https:\/\/observatoriodesigualdades.fjp.mg.gov.br\/wp-content\/uploads\/2025\/05\/Sem-nome-Quadro-branco-3-1536x1536.jpg 1536w, https:\/\/observatoriodesigualdades.fjp.mg.gov.br\/wp-content\/uploads\/2025\/05\/Sem-nome-Quadro-branco-3-600x600.jpg 600w\" sizes=\"(max-width: 1654px) 100vw, 1654px\" \/>\t\t\t\t\t\t\t\t\t\t\t\t\t\t\t<\/div>\n\t\t\t\t<\/div>\n\t\t\t\t<div class=\"elementor-element elementor-element-cbe3f12 elementor-absolute elementor-widget elementor-widget-heading\" data-id=\"cbe3f12\" data-element_type=\"widget\" data-e-type=\"widget\" data-settings=\"{&quot;_position&quot;:&quot;absolute&quot;}\" data-widget_type=\"heading.default\">\n\t\t\t\t<div class=\"elementor-widget-container\">\n\t\t\t\t\t<h2 class=\"elementor-heading-title elementor-size-default\"><a href=\"https:\/\/buscatextual.cnpq.br\/buscatextual\/visualizacv.do?id=K8454507P3&#038;tokenCaptchar=03AFcWeA4ASDp-o04WyvjePe5d3Us_vLbAVV55S9io68BDzqxb_qrMNXPWb8u_hLzhs7AoUSRkRsTE2cAlka7Pw_txfmZpMmU0HqSXhSPSvSQiwfL-7nxCduxjdqaKzzlm-DFes9gN2SSReMsWZAU9V2GX9OiMDx4v5BAXfcFqfreiVEUojo3CpPRCFy63j22yY1t2U7wOx8WMYCPcppahuSSLzBk_kB4_Rx63Aott1TU7Fba4uZPoUwf0S1K1W7ey0EjnluPAS7oKGkPfbZlGmb9mo2tdOFAoOt2xwJIUcExP_I5i1otYqI-9XN7Em0eQ1z1RJIqfSILtMg8dKhyaz30VVxOXoiOedswzo0Wgw_qwOXhSYyhqouwwakeCRV0Cik4ELN7wyD68OXoi2eLrA8RETuwa0Vx167Sga_OH5QS3wT00fjYdRMkf6GifuHY5X96YVqbcjZCjrwzzothplvQnTW9lj46-bbVjdkfmh1bYX0mtrdVQaCH5h4lO9DfQboEP2PRarNQlAzdqSZR5r5jQkjeBwifl8pqVTWyyJY3wuba3ikzE5gEbHx0yd9jRChxu9fskbKFf0bbrmKIKylygnEHUMaxYrqTfmvmhS6fApZF1VU6tRY1T7GXAmJqf0ZEQDlhRYF7-6Ap8EzD76ids3WdFld9tkD-SomJkdvpWfvWJJ200I5cLoQ7lBq3Ws6Us0xbLQFyOYHay6UzZ9S-jJgMz93WlzFPFn_2EiPY7aiI7YKkteWs6ZmOlvVwG2hEKFRJbLOv_ZEOlKQTDq5JgCmiz-qoaua8dXO5QEmV5u042HIcMDZviCGUdS06MM3Gg86vm75c_nlJ_eLuY7CuFj8BfoMAOMoxy0Fo627v84xx2TTVfEsM0qjci7hTtJY0XvhBhBXgrPkx5KvLhByyl_v_0WgKJ40bdquXphTeqcEcQ3xslJDGSKZXoEOtp707z3a9OQSl97k34eDhxoN5z3sDpdjPar5M93BQnsSygY8YTgF2Lz02GZFddSNUAKQ_4FXMmN1dmv6soEVgDsPaGPbPQPY3BFF98IQUlBACFPVKBg4orc6E\">Matheus Arcelo<\/a><\/h2>\t\t\t\t<\/div>\n\t\t\t\t<\/div>\n\t\t\t\t\t<\/div>\n\t\t<\/div>\n\t\t\t\t<div class=\"elementor-column elementor-col-66 elementor-top-column elementor-element elementor-element-b58c814\" data-id=\"b58c814\" data-element_type=\"column\" data-e-type=\"column\">\n\t\t\t<div class=\"elementor-widget-wrap elementor-element-populated\">\n\t\t\t\t\t\t<div class=\"elementor-element elementor-element-5241005 elementor-absolute elementor-widget elementor-widget-text-editor\" data-id=\"5241005\" data-element_type=\"widget\" data-e-type=\"widget\" data-settings=\"{&quot;_position&quot;:&quot;absolute&quot;}\" data-widget_type=\"text-editor.default\">\n\t\t\t\t<div class=\"elementor-widget-container\">\n\t\t\t\t\t\t\t\t\t<p>Doutorando em Educa\u00e7\u00e3o e mestre em Administra\u00e7\u00e3o pela Universidade Federal de Minas Gerais (UFMG), possui gradua\u00e7\u00e3o em Administra\u00e7\u00e3o P\u00fablica pela Escola de Governo Professor Paulo Neves de Carvalho da Funda\u00e7\u00e3o Jo\u00e3o Pinheiro (EG-FJP). Atua como membro do Observat\u00f3rio das Desigualdades.<\/p><p>Contato: matheus.silva@fjp.mg.gov.br<\/p>\t\t\t\t\t\t\t\t<\/div>\n\t\t\t\t<\/div>\n\t\t\t\t\t<\/div>\n\t\t<\/div>\n\t\t\t\t\t<\/div>\n\t\t<\/section>\n\t\t\t\t<section class=\"elementor-section elementor-top-section elementor-element elementor-element-40cb377 elementor-section-boxed elementor-section-height-default elementor-section-height-default\" data-id=\"40cb377\" data-element_type=\"section\" data-e-type=\"section\">\n\t\t\t\t\t\t<div class=\"elementor-container elementor-column-gap-default\">\n\t\t\t\t\t<div class=\"elementor-column elementor-col-33 elementor-top-column elementor-element elementor-element-d84e2c6\" data-id=\"d84e2c6\" data-element_type=\"column\" data-e-type=\"column\">\n\t\t\t<div class=\"elementor-widget-wrap elementor-element-populated\">\n\t\t\t\t\t\t<div class=\"elementor-element elementor-element-5bf8b98 elementor-widget elementor-widget-image\" data-id=\"5bf8b98\" data-element_type=\"widget\" data-e-type=\"widget\" data-widget_type=\"image.default\">\n\t\t\t\t<div class=\"elementor-widget-container\">\n\t\t\t\t\t\t\t\t\t\t\t\t\t\t\t<img decoding=\"async\" width=\"1654\" height=\"1654\" src=\"https:\/\/observatoriodesigualdades.fjp.mg.gov.br\/wp-content\/uploads\/2025\/05\/Sem-nome-Quadro-branco-1.jpg\" class=\"attachment-full size-full wp-image-4306\" alt=\"\" srcset=\"https:\/\/observatoriodesigualdades.fjp.mg.gov.br\/wp-content\/uploads\/2025\/05\/Sem-nome-Quadro-branco-1.jpg 1654w, https:\/\/observatoriodesigualdades.fjp.mg.gov.br\/wp-content\/uploads\/2025\/05\/Sem-nome-Quadro-branco-1-300x300.jpg 300w, https:\/\/observatoriodesigualdades.fjp.mg.gov.br\/wp-content\/uploads\/2025\/05\/Sem-nome-Quadro-branco-1-1024x1024.jpg 1024w, https:\/\/observatoriodesigualdades.fjp.mg.gov.br\/wp-content\/uploads\/2025\/05\/Sem-nome-Quadro-branco-1-150x150.jpg 150w, https:\/\/observatoriodesigualdades.fjp.mg.gov.br\/wp-content\/uploads\/2025\/05\/Sem-nome-Quadro-branco-1-768x768.jpg 768w, https:\/\/observatoriodesigualdades.fjp.mg.gov.br\/wp-content\/uploads\/2025\/05\/Sem-nome-Quadro-branco-1-1536x1536.jpg 1536w, https:\/\/observatoriodesigualdades.fjp.mg.gov.br\/wp-content\/uploads\/2025\/05\/Sem-nome-Quadro-branco-1-600x600.jpg 600w\" sizes=\"(max-width: 1654px) 100vw, 1654px\" \/>\t\t\t\t\t\t\t\t\t\t\t\t\t\t\t<\/div>\n\t\t\t\t<\/div>\n\t\t\t\t<div class=\"elementor-element elementor-element-09f5c71 elementor-absolute elementor-widget__width-initial elementor-widget elementor-widget-heading\" data-id=\"09f5c71\" data-element_type=\"widget\" data-e-type=\"widget\" data-settings=\"{&quot;_position&quot;:&quot;absolute&quot;}\" data-widget_type=\"heading.default\">\n\t\t\t\t<div class=\"elementor-widget-container\">\n\t\t\t\t\t<h2 class=\"elementor-heading-title elementor-size-default\">Maria Luiza Francisco <\/h2>\t\t\t\t<\/div>\n\t\t\t\t<\/div>\n\t\t\t\t\t<\/div>\n\t\t<\/div>\n\t\t\t\t<div class=\"elementor-column elementor-col-66 elementor-top-column elementor-element elementor-element-d187b70\" data-id=\"d187b70\" data-element_type=\"column\" data-e-type=\"column\">\n\t\t\t<div class=\"elementor-widget-wrap elementor-element-populated\">\n\t\t\t\t\t\t<div class=\"elementor-element elementor-element-a9881ee elementor-absolute elementor-widget elementor-widget-text-editor\" data-id=\"a9881ee\" data-element_type=\"widget\" data-e-type=\"widget\" data-settings=\"{&quot;_position&quot;:&quot;absolute&quot;}\" data-widget_type=\"text-editor.default\">\n\t\t\t\t<div class=\"elementor-widget-container\">\n\t\t\t\t\t\t\t\t\t<p>Graduanda em Administra\u00e7\u00e3o P\u00fablica pela Escola de Governo Professor Paulo Neves de Carvalho da Funda\u00e7\u00e3o Jo\u00e3o Pinheiro (EG -FJP) e bolsista da inicia\u00e7\u00e3o cient\u00edfica do Observat\u00f3rio das Desigualdades. Acredita que a divulga\u00e7\u00e3o do conhecimento de forma acess\u00edvel gera grande impacto social<\/p><p>Contato: malu20050605@gmail.com<\/p>\t\t\t\t\t\t\t\t<\/div>\n\t\t\t\t<\/div>\n\t\t\t\t\t<\/div>\n\t\t<\/div>\n\t\t\t\t\t<\/div>\n\t\t<\/section>\n\t\t\t\t<section class=\"elementor-section elementor-top-section elementor-element elementor-element-3884044 elementor-section-boxed elementor-section-height-default elementor-section-height-default\" data-id=\"3884044\" data-element_type=\"section\" data-e-type=\"section\">\n\t\t\t\t\t\t<div class=\"elementor-container elementor-column-gap-default\">\n\t\t\t\t\t<div class=\"elementor-column elementor-col-33 elementor-top-column elementor-element elementor-element-d0e350b\" data-id=\"d0e350b\" data-element_type=\"column\" data-e-type=\"column\">\n\t\t\t<div class=\"elementor-widget-wrap elementor-element-populated\">\n\t\t\t\t\t\t<div class=\"elementor-element elementor-element-5d7e1f6 elementor-widget elementor-widget-image\" data-id=\"5d7e1f6\" data-element_type=\"widget\" data-e-type=\"widget\" data-widget_type=\"image.default\">\n\t\t\t\t<div class=\"elementor-widget-container\">\n\t\t\t\t\t\t\t\t\t\t\t\t\t\t\t<img loading=\"lazy\" decoding=\"async\" width=\"1654\" height=\"1654\" src=\"https:\/\/observatoriodesigualdades.fjp.mg.gov.br\/wp-content\/uploads\/2025\/05\/Sem-nome-Quadro-branco-2.jpg\" class=\"attachment-full size-full wp-image-4307\" alt=\"\" srcset=\"https:\/\/observatoriodesigualdades.fjp.mg.gov.br\/wp-content\/uploads\/2025\/05\/Sem-nome-Quadro-branco-2.jpg 1654w, https:\/\/observatoriodesigualdades.fjp.mg.gov.br\/wp-content\/uploads\/2025\/05\/Sem-nome-Quadro-branco-2-300x300.jpg 300w, https:\/\/observatoriodesigualdades.fjp.mg.gov.br\/wp-content\/uploads\/2025\/05\/Sem-nome-Quadro-branco-2-1024x1024.jpg 1024w, https:\/\/observatoriodesigualdades.fjp.mg.gov.br\/wp-content\/uploads\/2025\/05\/Sem-nome-Quadro-branco-2-150x150.jpg 150w, https:\/\/observatoriodesigualdades.fjp.mg.gov.br\/wp-content\/uploads\/2025\/05\/Sem-nome-Quadro-branco-2-768x768.jpg 768w, https:\/\/observatoriodesigualdades.fjp.mg.gov.br\/wp-content\/uploads\/2025\/05\/Sem-nome-Quadro-branco-2-1536x1536.jpg 1536w, https:\/\/observatoriodesigualdades.fjp.mg.gov.br\/wp-content\/uploads\/2025\/05\/Sem-nome-Quadro-branco-2-600x600.jpg 600w\" sizes=\"(max-width: 1654px) 100vw, 1654px\" \/>\t\t\t\t\t\t\t\t\t\t\t\t\t\t\t<\/div>\n\t\t\t\t<\/div>\n\t\t\t\t<div class=\"elementor-element elementor-element-76c08ff elementor-absolute elementor-widget elementor-widget-heading\" data-id=\"76c08ff\" data-element_type=\"widget\" data-e-type=\"widget\" data-settings=\"{&quot;_position&quot;:&quot;absolute&quot;}\" data-widget_type=\"heading.default\">\n\t\t\t\t<div class=\"elementor-widget-container\">\n\t\t\t\t\t<h2 class=\"elementor-heading-title elementor-size-default\">Miguel Coelho<\/h2>\t\t\t\t<\/div>\n\t\t\t\t<\/div>\n\t\t\t\t\t<\/div>\n\t\t<\/div>\n\t\t\t\t<div class=\"elementor-column elementor-col-66 elementor-top-column elementor-element elementor-element-02fefa5\" data-id=\"02fefa5\" data-element_type=\"column\" data-e-type=\"column\">\n\t\t\t<div class=\"elementor-widget-wrap elementor-element-populated\">\n\t\t\t\t\t\t<div class=\"elementor-element elementor-element-85ff07e elementor-absolute elementor-widget elementor-widget-text-editor\" data-id=\"85ff07e\" data-element_type=\"widget\" data-e-type=\"widget\" data-settings=\"{&quot;_position&quot;:&quot;absolute&quot;}\" data-widget_type=\"text-editor.default\">\n\t\t\t\t<div class=\"elementor-widget-container\">\n\t\t\t\t\t\t\t\t\t<p>Graduando em Administra\u00e7\u00e3o P\u00fablica pela Escola de Governo Professor Paulo Neves de Carvalho da Funda\u00e7\u00e3o Jo\u00e3o Pinheiro (EG &#8211; FJP) e estagi\u00e1rio no Observat\u00f3rio das Desigualdades. Interessado em colaborar com o debate informado a respeito das Desigualdades.<\/p><p>Contato: miguelcdlacerda@gmail.com<\/p>\t\t\t\t\t\t\t\t<\/div>\n\t\t\t\t<\/div>\n\t\t\t\t\t<\/div>\n\t\t<\/div>\n\t\t\t\t\t<\/div>\n\t\t<\/section>\n\t\t\t\t<section class=\"elementor-section elementor-top-section elementor-element elementor-element-10badd3 elementor-section-boxed elementor-section-height-default elementor-section-height-default\" data-id=\"10badd3\" data-element_type=\"section\" data-e-type=\"section\">\n\t\t\t\t\t\t<div class=\"elementor-container elementor-column-gap-default\">\n\t\t\t\t\t<div class=\"elementor-column elementor-col-33 elementor-top-column elementor-element elementor-element-fd3e9de\" data-id=\"fd3e9de\" data-element_type=\"column\" data-e-type=\"column\">\n\t\t\t<div class=\"elementor-widget-wrap elementor-element-populated\">\n\t\t\t\t\t\t<div class=\"elementor-element elementor-element-fecdb0a elementor-widget elementor-widget-image\" data-id=\"fecdb0a\" data-element_type=\"widget\" data-e-type=\"widget\" data-widget_type=\"image.default\">\n\t\t\t\t<div class=\"elementor-widget-container\">\n\t\t\t\t\t\t\t\t\t\t\t\t\t\t\t<img loading=\"lazy\" decoding=\"async\" width=\"1654\" height=\"1654\" src=\"https:\/\/observatoriodesigualdades.fjp.mg.gov.br\/wp-content\/uploads\/2025\/05\/Sem-nome-Quadro-branco.jpg\" class=\"attachment-full size-full wp-image-4305\" alt=\"\" srcset=\"https:\/\/observatoriodesigualdades.fjp.mg.gov.br\/wp-content\/uploads\/2025\/05\/Sem-nome-Quadro-branco.jpg 1654w, https:\/\/observatoriodesigualdades.fjp.mg.gov.br\/wp-content\/uploads\/2025\/05\/Sem-nome-Quadro-branco-300x300.jpg 300w, https:\/\/observatoriodesigualdades.fjp.mg.gov.br\/wp-content\/uploads\/2025\/05\/Sem-nome-Quadro-branco-1024x1024.jpg 1024w, https:\/\/observatoriodesigualdades.fjp.mg.gov.br\/wp-content\/uploads\/2025\/05\/Sem-nome-Quadro-branco-150x150.jpg 150w, https:\/\/observatoriodesigualdades.fjp.mg.gov.br\/wp-content\/uploads\/2025\/05\/Sem-nome-Quadro-branco-768x768.jpg 768w, https:\/\/observatoriodesigualdades.fjp.mg.gov.br\/wp-content\/uploads\/2025\/05\/Sem-nome-Quadro-branco-1536x1536.jpg 1536w, https:\/\/observatoriodesigualdades.fjp.mg.gov.br\/wp-content\/uploads\/2025\/05\/Sem-nome-Quadro-branco-600x600.jpg 600w\" sizes=\"(max-width: 1654px) 100vw, 1654px\" \/>\t\t\t\t\t\t\t\t\t\t\t\t\t\t\t<\/div>\n\t\t\t\t<\/div>\n\t\t\t\t<div class=\"elementor-element elementor-element-566be1e elementor-widget__width-initial elementor-absolute elementor-widget elementor-widget-heading\" data-id=\"566be1e\" data-element_type=\"widget\" data-e-type=\"widget\" data-settings=\"{&quot;_position&quot;:&quot;absolute&quot;}\" data-widget_type=\"heading.default\">\n\t\t\t\t<div class=\"elementor-widget-container\">\n\t\t\t\t\t<h2 class=\"elementor-heading-title elementor-size-default\"><a href=\"https:\/\/buscatextual.cnpq.br\/buscatextual\/visualizacv.do?id=K1521512P8&#038;tokenCaptchar=03AFcWeA6QKVT3Q7o6Xg-qb_3hrIXQw7i_Wt196XZHUzaomfAY1WUOo9osaScccp0MDu09g1qY5yLl6gH0FY7A1rhhV8SD-FG-GBswl6YFCl_1-D6w8eQJUAj0BfLi-hnmCNAcSZYrE7srBiZVfY7NnaXt84RxMP6FpRynIEHZsiSFPiNWUjJJ6vQtPT9zypxe5CtIqYb99ukqyed0hvMKhJHXOjDnQDJIF_C7SQlbqrnW-vZm65kNqswBsGf4vFXwI2yhtBjgWAQP28oSBMUq9jWbvaxOSRdB-1CHi64JJYhI9O7t-piiSUECNFlqxxHWRWPVCzpSSbjl9b8OypNPmjyRNLtb55dwN7Pi5gzlf36BW9V-GB-QHhjj7QejsADo3H9byvmd2mxT7ovLSmB8dKHBzAA1uoe48tn9IcwDt8K-3ZlWtYqehkxVv-Te4tYHA2pja8HxRwdzoPJxHy37oYC9_6rx3OCGRFL306NrHmjz-JtZrntbC2MscIAaNnAsjX2Z8uXq0ghyI-XGwFRZ-skreB92ZrTaYZotnUMmaKn_ey2ytGq--pwc0B35PrQmnxMLPgaOv9jqhhRyHHAH7v979Kj6ESgngyRU49DMlmrlc6rZLwt0EL2cKku_T7jXjymnkhjD-R9-tGsR5O-i19VkZS_wZrz7qvtK_J_SNgZJ3B0VuSmYopWPl7TlPu05e57PmwQGoEMbSJh3VK-RSe1zNgq-I-cl21ScSN7jFJ_1a_kgw8iI0OkIrcTQ5hfCb_QRVNMasiUUQ51zrZb09Lt2G6YWGYjl_gVoY2x-p8TBEQ3QL0RGV0g1lmi--jAxwqVdJgWae4uGYf7s_bWRNSPwaQgxdBFPozBLXHqtzQW5i514_PqqYFScfvrw55zfnC2qpcdxCIN9fjat-WbUtep-bmpZQGJH5TbghEqg0VLiIB__VAH3NwnXGMW47cVXWYwjLqZzEscx1KjEHqOpYftttYywyTfWtNFf6lmHubXZUUgKy-z2SxAK4Ugi9u-V5PMNfpzliQyzDtuyh8Zng0TETv7qS-nuY8Pe6A83LgBfFGfyND-l_64\">Clarice Miranda<\/a><\/h2>\t\t\t\t<\/div>\n\t\t\t\t<\/div>\n\t\t\t\t\t<\/div>\n\t\t<\/div>\n\t\t\t\t<div class=\"elementor-column elementor-col-66 elementor-top-column elementor-element elementor-element-b3273d7\" data-id=\"b3273d7\" data-element_type=\"column\" data-e-type=\"column\">\n\t\t\t<div class=\"elementor-widget-wrap elementor-element-populated\">\n\t\t\t\t\t\t<div class=\"elementor-element elementor-element-507772a elementor-absolute elementor-widget elementor-widget-text-editor\" data-id=\"507772a\" data-element_type=\"widget\" data-e-type=\"widget\" data-settings=\"{&quot;_position&quot;:&quot;absolute&quot;}\" data-widget_type=\"text-editor.default\">\n\t\t\t\t<div class=\"elementor-widget-container\">\n\t\t\t\t\t\t\t\t\t<p><span style=\"font-weight: 400;\">Graduanda em Administra\u00e7\u00e3o P\u00fablica na Escola de Governo Paulo Neves de Carvalho da Funda\u00e7\u00e3o Jo\u00e3o Pinheiro, extensionista do Observat\u00f3rio das desigualdades. Acredita na transforma\u00e7\u00e3o social por meio das pol\u00edticas p\u00fablicas.<\/span><\/p><p>Contato: clariceamaral10@gmail.com<\/p>\t\t\t\t\t\t\t\t<\/div>\n\t\t\t\t<\/div>\n\t\t\t\t\t<\/div>\n\t\t<\/div>\n\t\t\t\t\t<\/div>\n\t\t<\/section>\n\t\t\t\t<section class=\"elementor-section elementor-top-section elementor-element elementor-element-a741211 elementor-section-boxed elementor-section-height-default elementor-section-height-default\" data-id=\"a741211\" data-element_type=\"section\" data-e-type=\"section\">\n\t\t\t\t\t\t<div class=\"elementor-container elementor-column-gap-default\">\n\t\t\t\t\t<div class=\"elementor-column elementor-col-33 elementor-top-column elementor-element elementor-element-180a11c\" data-id=\"180a11c\" data-element_type=\"column\" data-e-type=\"column\">\n\t\t\t<div class=\"elementor-widget-wrap elementor-element-populated\">\n\t\t\t\t\t\t<div class=\"elementor-element elementor-element-23b3113 elementor-widget elementor-widget-image\" data-id=\"23b3113\" data-element_type=\"widget\" data-e-type=\"widget\" data-widget_type=\"image.default\">\n\t\t\t\t<div class=\"elementor-widget-container\">\n\t\t\t\t\t\t\t\t\t\t\t\t\t\t\t<img loading=\"lazy\" decoding=\"async\" width=\"1654\" height=\"1654\" src=\"https:\/\/observatoriodesigualdades.fjp.mg.gov.br\/wp-content\/uploads\/2025\/05\/Sem-nome-Quadro-branco-6.jpg\" class=\"attachment-full size-full wp-image-4312\" alt=\"\" srcset=\"https:\/\/observatoriodesigualdades.fjp.mg.gov.br\/wp-content\/uploads\/2025\/05\/Sem-nome-Quadro-branco-6.jpg 1654w, https:\/\/observatoriodesigualdades.fjp.mg.gov.br\/wp-content\/uploads\/2025\/05\/Sem-nome-Quadro-branco-6-300x300.jpg 300w, https:\/\/observatoriodesigualdades.fjp.mg.gov.br\/wp-content\/uploads\/2025\/05\/Sem-nome-Quadro-branco-6-1024x1024.jpg 1024w, https:\/\/observatoriodesigualdades.fjp.mg.gov.br\/wp-content\/uploads\/2025\/05\/Sem-nome-Quadro-branco-6-150x150.jpg 150w, https:\/\/observatoriodesigualdades.fjp.mg.gov.br\/wp-content\/uploads\/2025\/05\/Sem-nome-Quadro-branco-6-768x768.jpg 768w, https:\/\/observatoriodesigualdades.fjp.mg.gov.br\/wp-content\/uploads\/2025\/05\/Sem-nome-Quadro-branco-6-1536x1536.jpg 1536w, https:\/\/observatoriodesigualdades.fjp.mg.gov.br\/wp-content\/uploads\/2025\/05\/Sem-nome-Quadro-branco-6-600x600.jpg 600w\" sizes=\"(max-width: 1654px) 100vw, 1654px\" \/>\t\t\t\t\t\t\t\t\t\t\t\t\t\t\t<\/div>\n\t\t\t\t<\/div>\n\t\t\t\t<div class=\"elementor-element elementor-element-e7c9b1b elementor-widget__width-initial elementor-absolute elementor-widget elementor-widget-heading\" data-id=\"e7c9b1b\" data-element_type=\"widget\" data-e-type=\"widget\" data-settings=\"{&quot;_position&quot;:&quot;absolute&quot;}\" data-widget_type=\"heading.default\">\n\t\t\t\t<div class=\"elementor-widget-container\">\n\t\t\t\t\t<h2 class=\"elementor-heading-title elementor-size-default\">Ana Luiza Matias<\/h2>\t\t\t\t<\/div>\n\t\t\t\t<\/div>\n\t\t\t\t\t<\/div>\n\t\t<\/div>\n\t\t\t\t<div class=\"elementor-column elementor-col-66 elementor-top-column elementor-element elementor-element-4325870\" data-id=\"4325870\" data-element_type=\"column\" data-e-type=\"column\">\n\t\t\t<div class=\"elementor-widget-wrap elementor-element-populated\">\n\t\t\t\t\t\t<div class=\"elementor-element elementor-element-235e090 elementor-absolute elementor-widget elementor-widget-text-editor\" data-id=\"235e090\" data-element_type=\"widget\" data-e-type=\"widget\" data-settings=\"{&quot;_position&quot;:&quot;absolute&quot;}\" data-widget_type=\"text-editor.default\">\n\t\t\t\t<div class=\"elementor-widget-container\">\n\t\t\t\t\t\t\t\t\t<p>Extensionista do Observat\u00f3rio das Desigualdades e graduanda em Administra\u00e7\u00e3o P\u00fablica pela Escola de Governo Professor Paulo Neves de Carvalho da Funda\u00e7\u00e3o Jo\u00e3o Pinheiro (EG-FJP). Acredita que o caminho para a transforma\u00e7\u00e3o da sociedade passa pela cria\u00e7\u00e3o de pol\u00edticas p\u00fablicas focadas no combate \u00e0 desigualdade.<\/p><p>\u00a0<\/p>\t\t\t\t\t\t\t\t<\/div>\n\t\t\t\t<\/div>\n\t\t\t\t\t<\/div>\n\t\t<\/div>\n\t\t\t\t\t<\/div>\n\t\t<\/section>\n\t\t\t\t<section class=\"elementor-section elementor-top-section elementor-element elementor-element-30877f0 elementor-section-boxed elementor-section-height-default elementor-section-height-default\" data-id=\"30877f0\" data-element_type=\"section\" data-e-type=\"section\">\n\t\t\t\t\t\t<div class=\"elementor-container elementor-column-gap-default\">\n\t\t\t\t\t<div class=\"elementor-column elementor-col-33 elementor-top-column elementor-element elementor-element-9c72ab5\" data-id=\"9c72ab5\" data-element_type=\"column\" data-e-type=\"column\">\n\t\t\t<div class=\"elementor-widget-wrap elementor-element-populated\">\n\t\t\t\t\t\t<div class=\"elementor-element elementor-element-5919b76 elementor-widget elementor-widget-image\" data-id=\"5919b76\" data-element_type=\"widget\" data-e-type=\"widget\" data-widget_type=\"image.default\">\n\t\t\t\t<div class=\"elementor-widget-container\">\n\t\t\t\t\t\t\t\t\t\t\t\t\t\t\t<img loading=\"lazy\" decoding=\"async\" width=\"1654\" height=\"1654\" src=\"https:\/\/observatoriodesigualdades.fjp.mg.gov.br\/wp-content\/uploads\/2025\/05\/Sem-nome-Quadro-branco-5.jpg\" class=\"attachment-full size-full wp-image-4313\" alt=\"\" srcset=\"https:\/\/observatoriodesigualdades.fjp.mg.gov.br\/wp-content\/uploads\/2025\/05\/Sem-nome-Quadro-branco-5.jpg 1654w, https:\/\/observatoriodesigualdades.fjp.mg.gov.br\/wp-content\/uploads\/2025\/05\/Sem-nome-Quadro-branco-5-300x300.jpg 300w, https:\/\/observatoriodesigualdades.fjp.mg.gov.br\/wp-content\/uploads\/2025\/05\/Sem-nome-Quadro-branco-5-1024x1024.jpg 1024w, https:\/\/observatoriodesigualdades.fjp.mg.gov.br\/wp-content\/uploads\/2025\/05\/Sem-nome-Quadro-branco-5-150x150.jpg 150w, https:\/\/observatoriodesigualdades.fjp.mg.gov.br\/wp-content\/uploads\/2025\/05\/Sem-nome-Quadro-branco-5-768x768.jpg 768w, https:\/\/observatoriodesigualdades.fjp.mg.gov.br\/wp-content\/uploads\/2025\/05\/Sem-nome-Quadro-branco-5-1536x1536.jpg 1536w, https:\/\/observatoriodesigualdades.fjp.mg.gov.br\/wp-content\/uploads\/2025\/05\/Sem-nome-Quadro-branco-5-600x600.jpg 600w\" sizes=\"(max-width: 1654px) 100vw, 1654px\" \/>\t\t\t\t\t\t\t\t\t\t\t\t\t\t\t<\/div>\n\t\t\t\t<\/div>\n\t\t\t\t<div class=\"elementor-element elementor-element-bd94cfb elementor-widget__width-initial elementor-absolute elementor-widget elementor-widget-heading\" data-id=\"bd94cfb\" data-element_type=\"widget\" data-e-type=\"widget\" data-settings=\"{&quot;_position&quot;:&quot;absolute&quot;}\" data-widget_type=\"heading.default\">\n\t\t\t\t<div class=\"elementor-widget-container\">\n\t\t\t\t\t<h2 class=\"elementor-heading-title elementor-size-default\">Marina Pinheiro<\/h2>\t\t\t\t<\/div>\n\t\t\t\t<\/div>\n\t\t\t\t\t<\/div>\n\t\t<\/div>\n\t\t\t\t<div class=\"elementor-column elementor-col-66 elementor-top-column elementor-element elementor-element-0b29f69\" data-id=\"0b29f69\" data-element_type=\"column\" data-e-type=\"column\">\n\t\t\t<div class=\"elementor-widget-wrap elementor-element-populated\">\n\t\t\t\t\t\t<div class=\"elementor-element elementor-element-2dc48d3 elementor-absolute elementor-widget elementor-widget-text-editor\" data-id=\"2dc48d3\" data-element_type=\"widget\" data-e-type=\"widget\" data-settings=\"{&quot;_position&quot;:&quot;absolute&quot;}\" data-widget_type=\"text-editor.default\">\n\t\t\t\t<div class=\"elementor-widget-container\">\n\t\t\t\t\t\t\t\t\t<p>Extensionista do Observat\u00f3rio das Desigualdades e cursando Administra\u00e7\u00e3o P\u00fablica pela Escola de Governo Professor Paulo Neves de Carvalho da Funda\u00e7\u00e3o Jo\u00e3o Pinheiro (EG \u2013 FJP).<\/p><p>\u00a0<\/p>\t\t\t\t\t\t\t\t<\/div>\n\t\t\t\t<\/div>\n\t\t\t\t\t<\/div>\n\t\t<\/div>\n\t\t\t\t\t<\/div>\n\t\t<\/section>\n\t\t\t\t<section class=\"elementor-section elementor-top-section elementor-element elementor-element-3c5ebd3 elementor-section-boxed elementor-section-height-default elementor-section-height-default\" data-id=\"3c5ebd3\" data-element_type=\"section\" data-e-type=\"section\">\n\t\t\t\t\t\t<div class=\"elementor-container elementor-column-gap-default\">\n\t\t\t\t\t<div class=\"elementor-column elementor-col-100 elementor-top-column elementor-element elementor-element-491a850\" data-id=\"491a850\" data-element_type=\"column\" data-e-type=\"column\">\n\t\t\t<div class=\"elementor-widget-wrap elementor-element-populated\">\n\t\t\t\t\t\t<div class=\"elementor-element elementor-element-d8b38fc elementor-widget__width-initial elementor-absolute elementor-widget-mobile__width-initial elementor-widget elementor-widget-heading\" data-id=\"d8b38fc\" data-element_type=\"widget\" data-e-type=\"widget\" data-settings=\"{&quot;_position&quot;:&quot;absolute&quot;}\" data-widget_type=\"heading.default\">\n\t\t\t\t<div class=\"elementor-widget-container\">\n\t\t\t\t\t<h2 class=\"elementor-heading-title elementor-size-large\">FUNDA\u00c7\u00c3O JO\u00c3O PINHEIRO<\/h2>\t\t\t\t<\/div>\n\t\t\t\t<\/div>\n\t\t\t\t\t<\/div>\n\t\t<\/div>\n\t\t\t\t\t<\/div>\n\t\t<\/section>\n\t\t\t\t<section class=\"elementor-section elementor-top-section elementor-element elementor-element-f7445a6 elementor-section-height-min-height elementor-section-boxed elementor-section-height-default elementor-section-items-middle\" data-id=\"f7445a6\" data-element_type=\"section\" data-e-type=\"section\">\n\t\t\t\t\t\t<div class=\"elementor-container elementor-column-gap-default\">\n\t\t\t\t\t<div class=\"elementor-column elementor-col-100 elementor-top-column elementor-element elementor-element-0f5b5b0\" data-id=\"0f5b5b0\" data-element_type=\"column\" data-e-type=\"column\">\n\t\t\t<div class=\"elementor-widget-wrap elementor-element-populated\">\n\t\t\t\t\t\t<div class=\"elementor-element elementor-element-f0da783 elementor-widget elementor-widget-text-editor\" data-id=\"f0da783\" data-element_type=\"widget\" data-e-type=\"widget\" data-widget_type=\"text-editor.default\">\n\t\t\t\t<div class=\"elementor-widget-container\">\n\t\t\t\t\t\t\t\t\t<p><strong>Presid\u00eancia:<\/strong> Luciana Lopes Braga<\/p><p><strong>Ger\u00eancia de Extens\u00e3o e Rela\u00e7\u00f5es Institucionais (Geri)<\/strong>: \u00c1gnez de L\u00e9lis Saraiva<\/p><p><strong>Divulga\u00e7\u00e3o:<\/strong> Assessoria de Comunica\u00e7\u00e3o Social (FJP)<\/p>\t\t\t\t\t\t\t\t<\/div>\n\t\t\t\t<\/div>\n\t\t\t\t\t<\/div>\n\t\t<\/div>\n\t\t\t\t\t<\/div>\n\t\t<\/section>\n\t\t\t\t<\/div>\n\t\t","protected":false},"excerpt":{"rendered":"<p>Parceria entre a Funda\u00e7\u00e3o Jo\u00e3o Pinheiro (FJP) e o Conselho Regional de Economia der Minas Gerais (Corecon-MG), o Observat\u00f3rio das Desigualdades, criado em agosto de 2018, \u00e9 um projeto de extens\u00e3o do curso de Administra\u00e7\u00e3o P\u00fablica da FJP que busca contribuir com o debate informado sobre as diferentes faces da desigualdade social, os mecanismos que [&hellip;]<\/p>\n","protected":false},"author":1,"featured_media":0,"parent":0,"menu_order":0,"comment_status":"closed","ping_status":"closed","template":"","meta":{"ocean_post_layout":"","ocean_both_sidebars_style":"","ocean_both_sidebars_content_width":0,"ocean_both_sidebars_sidebars_width":0,"ocean_sidebar":"0","ocean_second_sidebar":"0","ocean_disable_margins":"enable","ocean_add_body_class":"","ocean_shortcode_before_top_bar":"","ocean_shortcode_after_top_bar":"","ocean_shortcode_before_header":"","ocean_shortcode_after_header":"","ocean_has_shortcode":"","ocean_shortcode_after_title":"","ocean_shortcode_before_footer_widgets":"","ocean_shortcode_after_footer_widgets":"","ocean_shortcode_before_footer_bottom":"","ocean_shortcode_after_footer_bottom":"","ocean_display_top_bar":"default","ocean_display_header":"default","ocean_header_style":"","ocean_center_header_left_menu":"0","ocean_custom_header_template":"0","ocean_custom_logo":0,"ocean_custom_retina_logo":0,"ocean_custom_logo_max_width":0,"ocean_custom_logo_tablet_max_width":0,"ocean_custom_logo_mobile_max_width":0,"ocean_custom_logo_max_height":0,"ocean_custom_logo_tablet_max_height":0,"ocean_custom_logo_mobile_max_height":0,"ocean_header_custom_menu":"0","ocean_menu_typo_font_family":"0","ocean_menu_typo_font_subset":"","ocean_menu_typo_font_size":0,"ocean_menu_typo_font_size_tablet":0,"ocean_menu_typo_font_size_mobile":0,"ocean_menu_typo_font_size_unit":"px","ocean_menu_typo_font_weight":"","ocean_menu_typo_font_weight_tablet":"","ocean_menu_typo_font_weight_mobile":"","ocean_menu_typo_transform":"","ocean_menu_typo_transform_tablet":"","ocean_menu_typo_transform_mobile":"","ocean_menu_typo_line_height":0,"ocean_menu_typo_line_height_tablet":0,"ocean_menu_typo_line_height_mobile":0,"ocean_menu_typo_line_height_unit":"","ocean_menu_typo_spacing":0,"ocean_menu_typo_spacing_tablet":0,"ocean_menu_typo_spacing_mobile":0,"ocean_menu_typo_spacing_unit":"","ocean_menu_link_color":"","ocean_menu_link_color_hover":"","ocean_menu_link_color_active":"","ocean_menu_link_background":"","ocean_menu_link_hover_background":"","ocean_menu_link_active_background":"","ocean_menu_social_links_bg":"","ocean_menu_social_hover_links_bg":"","ocean_menu_social_links_color":"","ocean_menu_social_hover_links_color":"","ocean_disable_title":"default","ocean_disable_heading":"default","ocean_post_title":"","ocean_post_subheading":"","ocean_post_title_style":"","ocean_post_title_background_color":"","ocean_post_title_background":0,"ocean_post_title_bg_image_position":"","ocean_post_title_bg_image_attachment":"","ocean_post_title_bg_image_repeat":"","ocean_post_title_bg_image_size":"","ocean_post_title_height":0,"ocean_post_title_bg_overlay":0.5,"ocean_post_title_bg_overlay_color":"","ocean_disable_breadcrumbs":"default","ocean_breadcrumbs_color":"","ocean_breadcrumbs_separator_color":"","ocean_breadcrumbs_links_color":"","ocean_breadcrumbs_links_hover_color":"","ocean_display_footer_widgets":"default","ocean_display_footer_bottom":"default","ocean_custom_footer_template":"0","footnotes":""},"class_list":["post-154","page","type-page","status-publish","hentry","entry"],"_links":{"self":[{"href":"https:\/\/observatoriodesigualdades.fjp.mg.gov.br\/index.php?rest_route=\/wp\/v2\/pages\/154","targetHints":{"allow":["GET"]}}],"collection":[{"href":"https:\/\/observatoriodesigualdades.fjp.mg.gov.br\/index.php?rest_route=\/wp\/v2\/pages"}],"about":[{"href":"https:\/\/observatoriodesigualdades.fjp.mg.gov.br\/index.php?rest_route=\/wp\/v2\/types\/page"}],"author":[{"embeddable":true,"href":"https:\/\/observatoriodesigualdades.fjp.mg.gov.br\/index.php?rest_route=\/wp\/v2\/users\/1"}],"replies":[{"embeddable":true,"href":"https:\/\/observatoriodesigualdades.fjp.mg.gov.br\/index.php?rest_route=%2Fwp%2Fv2%2Fcomments&post=154"}],"version-history":[{"count":81,"href":"https:\/\/observatoriodesigualdades.fjp.mg.gov.br\/index.php?rest_route=\/wp\/v2\/pages\/154\/revisions"}],"predecessor-version":[{"id":4328,"href":"https:\/\/observatoriodesigualdades.fjp.mg.gov.br\/index.php?rest_route=\/wp\/v2\/pages\/154\/revisions\/4328"}],"wp:attachment":[{"href":"https:\/\/observatoriodesigualdades.fjp.mg.gov.br\/index.php?rest_route=%2Fwp%2Fv2%2Fmedia&parent=154"}],"curies":[{"name":"wp","href":"https:\/\/api.w.org\/{rel}","templated":true}]}}