{"id":259,"date":"2019-04-15T12:40:13","date_gmt":"2019-04-15T12:40:13","guid":{"rendered":"https:\/\/pelaestrada.com.br\/sites\/extensao\/hestia-front\/"},"modified":"2026-01-20T19:13:39","modified_gmt":"2026-01-20T19:13:39","slug":"hestia-front","status":"publish","type":"page","link":"https:\/\/observatoriodesigualdades.fjp.mg.gov.br\/","title":{"rendered":"P\u00e1gina Inicial"},"content":{"rendered":"\t\t<div data-elementor-type=\"wp-post\" data-elementor-id=\"259\" class=\"elementor elementor-259\">\n\t\t\t\t\t\t<section class=\"elementor-section elementor-top-section elementor-element elementor-element-fad339f elementor-section-boxed elementor-section-height-default elementor-section-height-default\" data-id=\"fad339f\" data-element_type=\"section\" data-e-type=\"section\">\n\t\t\t\t\t\t<div class=\"elementor-container elementor-column-gap-default\">\n\t\t\t\t\t<div class=\"elementor-column elementor-col-100 elementor-top-column elementor-element elementor-element-b22a71d\" data-id=\"b22a71d\" data-element_type=\"column\" data-e-type=\"column\">\n\t\t\t<div class=\"elementor-widget-wrap elementor-element-populated\">\n\t\t\t\t\t\t<div class=\"elementor-element elementor-element-2abceac elementor-widget__width-initial elementor-widget elementor-widget-obfx-posts-grid\" data-id=\"2abceac\" data-element_type=\"widget\" data-e-type=\"widget\" data-widget_type=\"obfx-posts-grid.default\">\n\t\t\t\t<div class=\"elementor-widget-container\">\n\t\t\t\t\t<div class=\"obfx-grid\"><div class=\"obfx-grid-container obfx-grid-style-list obfx-grid-desktop-2\"><div class=\"obfx-grid-wrapper\"><article class=\"obfx-grid-col\"><div class=\"obfx-grid-col-image\" style=\"align-self:center\"><a href=\"https:\/\/observatoriodesigualdades.fjp.mg.gov.br\/?p=4882\" title=\"O fim est\u00e1 pr\u00f3ximo: a escala 6&#215;1 em xeque na pol\u00edtica brasileira\"><img fetchpriority=\"high\" decoding=\"async\" width=\"512\" height=\"341\" src=\"https:\/\/observatoriodesigualdades.fjp.mg.gov.br\/wp-content\/uploads\/2026\/04\/6x1-nao-e-progresso.png\" class=\"img-responsive wp-post-image\" alt=\"6&#215;1 nao e progresso\" srcset=\"https:\/\/observatoriodesigualdades.fjp.mg.gov.br\/wp-content\/uploads\/2026\/04\/6x1-nao-e-progresso.png 512w, https:\/\/observatoriodesigualdades.fjp.mg.gov.br\/wp-content\/uploads\/2026\/04\/6x1-nao-e-progresso-300x200.png 300w\" sizes=\"(max-width: 512px) 100vw, 512px\" \/><\/a><\/div><div class=\"obfx-grid-col-content\">\t\t\t<h3 class=\"entry-title obfx-grid-title\">\n\t\t\t\t\t\t\t<a href=\"https:\/\/observatoriodesigualdades.fjp.mg.gov.br\/?p=4882\" title=\"O fim est\u00e1 pr\u00f3ximo: a escala 6&#215;1 em xeque na pol\u00edtica brasileira\">\n\t\t\t\t\tO fim est\u00e1 pr\u00f3ximo: a escala 6&#215;1 em xeque na pol\u00edtica brasileira\t\t\t\t<\/a>\n\t\t\t\t\t\t\t<\/h3>\n\t\t\t\t\t\t\t<div class=\"entry-meta obfx-grid-meta\">\n\n\t\t\t\t\t\t\t\t\t\t\t\t\t<span class=\"obfx-grid-date\">\n\t\t\t\t\t\t\t\t\tabril 23, 2026\t\t\t\t\t\t\t\t<\/span>\n\t\t\t\t\t\t\t\t\n\t\t\t\t<\/div>\n\t\t\t\t\t\t\t<div class=\"entry-content obfx-grid-content\">\n\t\t\t\tO fim est\u00e1 pr\u00f3ximo: a escala 6&#215;1 em xeque na pol\u00edtica brasileira Autoria: Ana Laura&hellip;\t\t\t<\/div>\n\t\t\t<\/div><\/article><\/div><div class=\"obfx-grid-wrapper\"><article class=\"obfx-grid-col\"><div class=\"obfx-grid-col-image\" style=\"align-self:center\"><a href=\"https:\/\/observatoriodesigualdades.fjp.mg.gov.br\/?p=4873\" title=\"Trajet\u00f3ria, Luta Ind\u00edgena e as Desigualdades no Brasil\"><img decoding=\"async\" width=\"1024\" height=\"684\" src=\"https:\/\/observatoriodesigualdades.fjp.mg.gov.br\/wp-content\/uploads\/2026\/04\/luta-indigena.jpg\" class=\"img-responsive wp-post-image\" alt=\"luta ind\u00edgena\" srcset=\"https:\/\/observatoriodesigualdades.fjp.mg.gov.br\/wp-content\/uploads\/2026\/04\/luta-indigena.jpg 1024w, https:\/\/observatoriodesigualdades.fjp.mg.gov.br\/wp-content\/uploads\/2026\/04\/luta-indigena-300x200.jpg 300w, https:\/\/observatoriodesigualdades.fjp.mg.gov.br\/wp-content\/uploads\/2026\/04\/luta-indigena-768x513.jpg 768w\" sizes=\"(max-width: 1024px) 100vw, 1024px\" \/><\/a><\/div><div class=\"obfx-grid-col-content\">\t\t\t<h3 class=\"entry-title obfx-grid-title\">\n\t\t\t\t\t\t\t<a href=\"https:\/\/observatoriodesigualdades.fjp.mg.gov.br\/?p=4873\" title=\"Trajet\u00f3ria, Luta Ind\u00edgena e as Desigualdades no Brasil\">\n\t\t\t\t\tTrajet\u00f3ria, Luta Ind\u00edgena e as Desigualdades no Brasil\t\t\t\t<\/a>\n\t\t\t\t\t\t\t<\/h3>\n\t\t\t\t\t\t\t<div class=\"entry-meta obfx-grid-meta\">\n\n\t\t\t\t\t\t\t\t\t\t\t\t\t<span class=\"obfx-grid-date\">\n\t\t\t\t\t\t\t\t\tabril 22, 2026\t\t\t\t\t\t\t\t<\/span>\n\t\t\t\t\t\t\t\t\n\t\t\t\t<\/div>\n\t\t\t\t\t\t\t<div class=\"entry-content obfx-grid-content\">\n\t\t\t\tQuando os resultados do Censo Demogr\u00e1fico de 2022 foram divulgados, um dado ganhou destaque: o&hellip;\t\t\t<\/div>\n\t\t\t<\/div><\/article><\/div><div class=\"obfx-grid-wrapper\"><article class=\"obfx-grid-col\"><div class=\"obfx-grid-col-image\" style=\"align-self:center\"><a href=\"https:\/\/observatoriodesigualdades.fjp.mg.gov.br\/?p=4861\" title=\"O Dia Mundial da Sa\u00fade e A Democratiza\u00e7\u00e3o da Vacina\u00e7\u00e3o no Brasil\"><img decoding=\"async\" width=\"736\" height=\"981\" src=\"https:\/\/observatoriodesigualdades.fjp.mg.gov.br\/wp-content\/uploads\/2026\/04\/Coronavirus-_-SP-inicia-vacinacao-contra-covid-19-em-idosos-a-partir-dos-75-anos.jpg\" class=\"img-responsive wp-post-image\" alt=\"Coronav\u00edrus _ SP inicia vacina\u00e7\u00e3o contra covid-19 em idosos a partir dos 75 anos\" srcset=\"https:\/\/observatoriodesigualdades.fjp.mg.gov.br\/wp-content\/uploads\/2026\/04\/Coronavirus-_-SP-inicia-vacinacao-contra-covid-19-em-idosos-a-partir-dos-75-anos.jpg 736w, https:\/\/observatoriodesigualdades.fjp.mg.gov.br\/wp-content\/uploads\/2026\/04\/Coronavirus-_-SP-inicia-vacinacao-contra-covid-19-em-idosos-a-partir-dos-75-anos-225x300.jpg 225w\" sizes=\"(max-width: 736px) 100vw, 736px\" \/><\/a><\/div><div class=\"obfx-grid-col-content\">\t\t\t<h3 class=\"entry-title obfx-grid-title\">\n\t\t\t\t\t\t\t<a href=\"https:\/\/observatoriodesigualdades.fjp.mg.gov.br\/?p=4861\" title=\"O Dia Mundial da Sa\u00fade e A Democratiza\u00e7\u00e3o da Vacina\u00e7\u00e3o no Brasil\">\n\t\t\t\t\tO Dia Mundial da Sa\u00fade e A Democratiza\u00e7\u00e3o da Vacina\u00e7\u00e3o no Brasil\t\t\t\t<\/a>\n\t\t\t\t\t\t\t<\/h3>\n\t\t\t\t\t\t\t<div class=\"entry-meta obfx-grid-meta\">\n\n\t\t\t\t\t\t\t\t\t\t\t\t\t<span class=\"obfx-grid-date\">\n\t\t\t\t\t\t\t\t\tabril 10, 2026\t\t\t\t\t\t\t\t<\/span>\n\t\t\t\t\t\t\t\t\n\t\t\t\t<\/div>\n\t\t\t\t\t\t\t<div class=\"entry-content obfx-grid-content\">\n\t\t\t\tO Dia Mundial da Sa\u00fade e A Democratiza\u00e7\u00e3o da Vacina\u00e7\u00e3o no Brasil Na semana em&hellip;\t\t\t<\/div>\n\t\t\t<\/div><\/article><\/div><div class=\"obfx-grid-wrapper\"><article class=\"obfx-grid-col\"><div class=\"obfx-grid-col-image\" style=\"align-self:center\"><a href=\"https:\/\/observatoriodesigualdades.fjp.mg.gov.br\/?p=4838\" title=\"A Face da Viol\u00eancia Sexual na Adolesc\u00eancia: A Extrema Vulnerabilidade dos jovens\"><img loading=\"lazy\" decoding=\"async\" width=\"300\" height=\"168\" src=\"https:\/\/observatoriodesigualdades.fjp.mg.gov.br\/wp-content\/uploads\/2026\/04\/VIOLENCIA-SEXUAL.jpg\" class=\"img-responsive wp-post-image\" alt=\"VIOLENCIA SEXUAL\" \/><\/a><\/div><div class=\"obfx-grid-col-content\">\t\t\t<h3 class=\"entry-title obfx-grid-title\">\n\t\t\t\t\t\t\t<a href=\"https:\/\/observatoriodesigualdades.fjp.mg.gov.br\/?p=4838\" title=\"A Face da Viol\u00eancia Sexual na Adolesc\u00eancia: A Extrema Vulnerabilidade dos jovens\">\n\t\t\t\t\tA Face da Viol\u00eancia Sexual na Adolesc\u00eancia: A Extrema Vulnerabilidade dos jovens\t\t\t\t<\/a>\n\t\t\t\t\t\t\t<\/h3>\n\t\t\t\t\t\t\t<div class=\"entry-meta obfx-grid-meta\">\n\n\t\t\t\t\t\t\t\t\t\t\t\t\t<span class=\"obfx-grid-date\">\n\t\t\t\t\t\t\t\t\tabril 1, 2026\t\t\t\t\t\t\t\t<\/span>\n\t\t\t\t\t\t\t\t\n\t\t\t\t<\/div>\n\t\t\t\t\t\t\t<div class=\"entry-content obfx-grid-content\">\n\t\t\t\tAutoria: Marina Diniz Ferreira Pinheiro e Rafaela Bigonha Bovareto Silveira Supervis\u00e3o, Orienta\u00e7\u00e3o e Corre\u00e7\u00e3o: Bruno&hellip;\t\t\t<\/div>\n\t\t\t<\/div><\/article><\/div><div class=\"obfx-grid-wrapper\"><article class=\"obfx-grid-col\"><div class=\"obfx-grid-col-image\" style=\"align-self:center\"><a href=\"https:\/\/observatoriodesigualdades.fjp.mg.gov.br\/?p=4822\" title=\"Uma Batalha Ap\u00f3s a Outra: o Enfrentamento \u00e0 Viol\u00eancia Pol\u00edtica de G\u00eanero no Brasil\u200b\"><img loading=\"lazy\" decoding=\"async\" width=\"1000\" height=\"667\" src=\"https:\/\/observatoriodesigualdades.fjp.mg.gov.br\/wp-content\/uploads\/2026\/03\/81562156-marielle-franco-rio-de-janeiro-rj-26-10-2017-vereadora-marielle-franco-passa-por-um-corre.webp\" class=\"img-responsive wp-post-image\" alt=\"81562156-marielle-franco-rio-de-janeiro-rj-26-10-2017-vereadora-marielle-franco-passa-por-um-corre\" srcset=\"https:\/\/observatoriodesigualdades.fjp.mg.gov.br\/wp-content\/uploads\/2026\/03\/81562156-marielle-franco-rio-de-janeiro-rj-26-10-2017-vereadora-marielle-franco-passa-por-um-corre.webp 1000w, https:\/\/observatoriodesigualdades.fjp.mg.gov.br\/wp-content\/uploads\/2026\/03\/81562156-marielle-franco-rio-de-janeiro-rj-26-10-2017-vereadora-marielle-franco-passa-por-um-corre-300x200.webp 300w, https:\/\/observatoriodesigualdades.fjp.mg.gov.br\/wp-content\/uploads\/2026\/03\/81562156-marielle-franco-rio-de-janeiro-rj-26-10-2017-vereadora-marielle-franco-passa-por-um-corre-768x512.webp 768w\" sizes=\"(max-width: 1000px) 100vw, 1000px\" \/><\/a><\/div><div class=\"obfx-grid-col-content\">\t\t\t<h3 class=\"entry-title obfx-grid-title\">\n\t\t\t\t\t\t\t<a href=\"https:\/\/observatoriodesigualdades.fjp.mg.gov.br\/?p=4822\" title=\"Uma Batalha Ap\u00f3s a Outra: o Enfrentamento \u00e0 Viol\u00eancia Pol\u00edtica de G\u00eanero no Brasil\u200b\">\n\t\t\t\t\tUma Batalha Ap\u00f3s a Outra: o Enfrentamento \u00e0 Viol\u00eancia Pol\u00edtica de G\u00eanero no Brasil\u200b\t\t\t\t<\/a>\n\t\t\t\t\t\t\t<\/h3>\n\t\t\t\t\t\t\t<div class=\"entry-meta obfx-grid-meta\">\n\n\t\t\t\t\t\t\t\t\t\t\t\t\t<span class=\"obfx-grid-date\">\n\t\t\t\t\t\t\t\t\tmar\u00e7o 13, 2026\t\t\t\t\t\t\t\t<\/span>\n\t\t\t\t\t\t\t\t\n\t\t\t\t<\/div>\n\t\t\t\t\t\t\t<div class=\"entry-content obfx-grid-content\">\n\t\t\t\tFonte: O Globo Se \u00e9s uma mulher forte te protejas das hordas que desejar\u00e3o almo\u00e7ar&hellip;\t\t\t<\/div>\n\t\t\t<\/div><\/article><\/div><div class=\"obfx-grid-wrapper\"><article class=\"obfx-grid-col\"><div class=\"obfx-grid-col-image\" style=\"align-self:center\"><a href=\"https:\/\/observatoriodesigualdades.fjp.mg.gov.br\/?p=4768\" title=\"Pol\u00edticas P\u00fablicas opostas \u00e0s evid\u00eancias: na gincana pelas solu\u00e7\u00f5es m\u00e1gicas em educa\u00e7\u00e3o, n\u00e3o basta reinventar a roda; ela tem que ser quadrada.\"><img loading=\"lazy\" decoding=\"async\" width=\"1024\" height=\"512\" src=\"https:\/\/observatoriodesigualdades.fjp.mg.gov.br\/wp-content\/uploads\/2026\/03\/63af6641620507dde56727d3_politicas-educacionais.webp\" class=\"img-responsive wp-post-image\" alt=\"63af6641620507dde56727d3_politicas-educacionais\" srcset=\"https:\/\/observatoriodesigualdades.fjp.mg.gov.br\/wp-content\/uploads\/2026\/03\/63af6641620507dde56727d3_politicas-educacionais.webp 1024w, https:\/\/observatoriodesigualdades.fjp.mg.gov.br\/wp-content\/uploads\/2026\/03\/63af6641620507dde56727d3_politicas-educacionais-300x150.webp 300w, https:\/\/observatoriodesigualdades.fjp.mg.gov.br\/wp-content\/uploads\/2026\/03\/63af6641620507dde56727d3_politicas-educacionais-768x384.webp 768w\" sizes=\"(max-width: 1024px) 100vw, 1024px\" \/><\/a><\/div><div class=\"obfx-grid-col-content\">\t\t\t<h3 class=\"entry-title obfx-grid-title\">\n\t\t\t\t\t\t\t<a href=\"https:\/\/observatoriodesigualdades.fjp.mg.gov.br\/?p=4768\" title=\"Pol\u00edticas P\u00fablicas opostas \u00e0s evid\u00eancias: na gincana pelas solu\u00e7\u00f5es m\u00e1gicas em educa\u00e7\u00e3o, n\u00e3o basta reinventar a roda; ela tem que ser quadrada.\">\n\t\t\t\t\tPol\u00edticas P\u00fablicas opostas \u00e0s evid\u00eancias: na gincana pelas solu\u00e7\u00f5es m\u00e1gicas em educa\u00e7\u00e3o, n\u00e3o basta reinventar a roda; ela tem que ser quadrada.\t\t\t\t<\/a>\n\t\t\t\t\t\t\t<\/h3>\n\t\t\t\t\t\t\t<div class=\"entry-meta obfx-grid-meta\">\n\n\t\t\t\t\t\t\t\t\t\t\t\t\t<span class=\"obfx-grid-date\">\n\t\t\t\t\t\t\t\t\tmar\u00e7o 12, 2026\t\t\t\t\t\t\t\t<\/span>\n\t\t\t\t\t\t\t\t\n\t\t\t\t<\/div>\n\t\t\t\t\t\t\t<div class=\"entry-content obfx-grid-content\">\n\t\t\t\tReda\u00e7\u00e3o: Bruno Lazzarotti Diniz Costa Formata\u00e7\u00e3o e Publica\u00e7\u00e3o: Miguel Coelho de Lacerda \u00a0 No in\u00edcio&hellip;\t\t\t<\/div>\n\t\t\t<\/div><\/article><\/div><div class=\"obfx-grid-wrapper\"><article class=\"obfx-grid-col\"><div class=\"obfx-grid-col-image\" style=\"align-self:center\"><a href=\"https:\/\/observatoriodesigualdades.fjp.mg.gov.br\/?p=4741\" title=\"Escala 7&#215;0: a jornada que n\u00e3o acaba para as mulheres brasileiras\"><img loading=\"lazy\" decoding=\"async\" width=\"300\" height=\"168\" src=\"https:\/\/observatoriodesigualdades.fjp.mg.gov.br\/wp-content\/uploads\/2026\/03\/escala-7x0-1.jpg\" class=\"img-responsive wp-post-image\" alt=\"escala 7&#215;0\" \/><\/a><\/div><div class=\"obfx-grid-col-content\">\t\t\t<h3 class=\"entry-title obfx-grid-title\">\n\t\t\t\t\t\t\t<a href=\"https:\/\/observatoriodesigualdades.fjp.mg.gov.br\/?p=4741\" title=\"Escala 7&#215;0: a jornada que n\u00e3o acaba para as mulheres brasileiras\">\n\t\t\t\t\tEscala 7&#215;0: a jornada que n\u00e3o acaba para as mulheres brasileiras\t\t\t\t<\/a>\n\t\t\t\t\t\t\t<\/h3>\n\t\t\t\t\t\t\t<div class=\"entry-meta obfx-grid-meta\">\n\n\t\t\t\t\t\t\t\t\t\t\t\t\t<span class=\"obfx-grid-date\">\n\t\t\t\t\t\t\t\t\tmar\u00e7o 11, 2026\t\t\t\t\t\t\t\t<\/span>\n\t\t\t\t\t\t\t\t\n\t\t\t\t<\/div>\n\t\t\t\t\t\t\t<div class=\"entry-content obfx-grid-content\">\n\t\t\t\tAutores: Marina Diniz Pinheiro e Bruno Lazzarotti Diniz Costa\t\t\t<\/div>\n\t\t\t<\/div><\/article><\/div><div class=\"obfx-grid-wrapper\"><article class=\"obfx-grid-col\"><div class=\"obfx-grid-col-image\" style=\"align-self:center\"><a href=\"https:\/\/observatoriodesigualdades.fjp.mg.gov.br\/?p=4717\" title=\"O que os olhos n\u00e3o v\u00eaem o cora\u00e7\u00e3o n\u00e3o sente: as consequ\u00eancias ignoradas do turismo excessivo\"><img loading=\"lazy\" decoding=\"async\" width=\"275\" height=\"183\" src=\"https:\/\/observatoriodesigualdades.fjp.mg.gov.br\/wp-content\/uploads\/2026\/01\/capa-turismo.jpg\" class=\"img-responsive wp-post-image\" alt=\"capa turismo\" \/><\/a><\/div><div class=\"obfx-grid-col-content\">\t\t\t<h3 class=\"entry-title obfx-grid-title\">\n\t\t\t\t\t\t\t<a href=\"https:\/\/observatoriodesigualdades.fjp.mg.gov.br\/?p=4717\" title=\"O que os olhos n\u00e3o v\u00eaem o cora\u00e7\u00e3o n\u00e3o sente: as consequ\u00eancias ignoradas do turismo excessivo\">\n\t\t\t\t\tO que os olhos n\u00e3o v\u00eaem o cora\u00e7\u00e3o n\u00e3o sente: as consequ\u00eancias ignoradas do turismo excessivo\t\t\t\t<\/a>\n\t\t\t\t\t\t\t<\/h3>\n\t\t\t\t\t\t\t<div class=\"entry-meta obfx-grid-meta\">\n\n\t\t\t\t\t\t\t\t\t\t\t\t\t<span class=\"obfx-grid-date\">\n\t\t\t\t\t\t\t\t\tjaneiro 20, 2026\t\t\t\t\t\t\t\t<\/span>\n\t\t\t\t\t\t\t\t\n\t\t\t\t<\/div>\n\t\t\t\t\t\t\t<div class=\"entry-content obfx-grid-content\">\n\t\t\t\tQuando estamos viajando e aproveitando as lindas paisagens das cidades tur\u00edsticas, reconhecendo as dezenas de&hellip;\t\t\t<\/div>\n\t\t\t<\/div><\/article><\/div><div class=\"obfx-grid-wrapper\"><article class=\"obfx-grid-col\"><div class=\"obfx-grid-col-image\" style=\"align-self:center\"><a href=\"https:\/\/observatoriodesigualdades.fjp.mg.gov.br\/?p=4689\" title=\"\u201cA trilha sonora de 2025: desigualdades, resist\u00eancia e futuro\u201d\"><img loading=\"lazy\" decoding=\"async\" width=\"780\" height=\"1040\" src=\"https:\/\/observatoriodesigualdades.fjp.mg.gov.br\/wp-content\/uploads\/2025\/12\/25218eccbe34e2144ea980ed946dce6e.jpg\" class=\"img-responsive wp-post-image\" alt=\"25218eccbe34e2144ea980ed946dce6e\" srcset=\"https:\/\/observatoriodesigualdades.fjp.mg.gov.br\/wp-content\/uploads\/2025\/12\/25218eccbe34e2144ea980ed946dce6e.jpg 780w, https:\/\/observatoriodesigualdades.fjp.mg.gov.br\/wp-content\/uploads\/2025\/12\/25218eccbe34e2144ea980ed946dce6e-225x300.jpg 225w, https:\/\/observatoriodesigualdades.fjp.mg.gov.br\/wp-content\/uploads\/2025\/12\/25218eccbe34e2144ea980ed946dce6e-768x1024.jpg 768w\" sizes=\"(max-width: 780px) 100vw, 780px\" \/><\/a><\/div><div class=\"obfx-grid-col-content\">\t\t\t<h3 class=\"entry-title obfx-grid-title\">\n\t\t\t\t\t\t\t<a href=\"https:\/\/observatoriodesigualdades.fjp.mg.gov.br\/?p=4689\" title=\"\u201cA trilha sonora de 2025: desigualdades, resist\u00eancia e futuro\u201d\">\n\t\t\t\t\t\u201cA trilha sonora de 2025: desigualdades, resist\u00eancia e futuro\u201d\t\t\t\t<\/a>\n\t\t\t\t\t\t\t<\/h3>\n\t\t\t\t\t\t\t<div class=\"entry-meta obfx-grid-meta\">\n\n\t\t\t\t\t\t\t\t\t\t\t\t\t<span class=\"obfx-grid-date\">\n\t\t\t\t\t\t\t\t\tdezembro 23, 2025\t\t\t\t\t\t\t\t<\/span>\n\t\t\t\t\t\t\t\t\n\t\t\t\t<\/div>\n\t\t\t\t\t\t\t<div class=\"entry-content obfx-grid-content\">\n\t\t\t\tAqui no Observat\u00f3rio das Desigualdades temos a tradi\u00e7\u00e3o de todo ano elaborar uma playlist que&hellip;\t\t\t<\/div>\n\t\t\t<\/div><\/article><\/div><div class=\"obfx-grid-wrapper\"><article class=\"obfx-grid-col\"><div class=\"obfx-grid-col-image\" style=\"align-self:center\"><a href=\"https:\/\/observatoriodesigualdades.fjp.mg.gov.br\/?p=4673\" title=\"Viol\u00eancia contra a mulher: N\u00e3o \u00e9 acaso. \u00c9 estrutura.\"><img loading=\"lazy\" decoding=\"async\" width=\"275\" height=\"183\" src=\"https:\/\/observatoriodesigualdades.fjp.mg.gov.br\/wp-content\/uploads\/2025\/12\/images-1.jpg\" class=\"img-responsive wp-post-image\" alt=\"images (1)\" \/><\/a><\/div><div class=\"obfx-grid-col-content\">\t\t\t<h3 class=\"entry-title obfx-grid-title\">\n\t\t\t\t\t\t\t<a href=\"https:\/\/observatoriodesigualdades.fjp.mg.gov.br\/?p=4673\" title=\"Viol\u00eancia contra a mulher: N\u00e3o \u00e9 acaso. \u00c9 estrutura.\">\n\t\t\t\t\tViol\u00eancia contra a mulher: N\u00e3o \u00e9 acaso. \u00c9 estrutura.\t\t\t\t<\/a>\n\t\t\t\t\t\t\t<\/h3>\n\t\t\t\t\t\t\t<div class=\"entry-meta obfx-grid-meta\">\n\n\t\t\t\t\t\t\t\t\t\t\t\t\t<span class=\"obfx-grid-date\">\n\t\t\t\t\t\t\t\t\tdezembro 22, 2025\t\t\t\t\t\t\t\t<\/span>\n\t\t\t\t\t\t\t\t\n\t\t\t\t<\/div>\n\t\t\t\t\t\t\t<div class=\"entry-content obfx-grid-content\">\n\t\t\t\tNo domingo, 7 de dezembro de 2025, diversas cidades brasileiras foram tomadas por atos p\u00fablicos&hellip;\t\t\t<\/div>\n\t\t\t<\/div><\/article><\/div><div class=\"obfx-grid-wrapper\"><article class=\"obfx-grid-col\"><div class=\"obfx-grid-col-image\" style=\"align-self:center\"><a href=\"https:\/\/observatoriodesigualdades.fjp.mg.gov.br\/?p=4654\" title=\"Black Friday, Natal e os del\u00edrios de consumo de um pa\u00eds desigual\"><img loading=\"lazy\" decoding=\"async\" width=\"960\" height=\"620\" src=\"https:\/\/observatoriodesigualdades.fjp.mg.gov.br\/wp-content\/uploads\/2025\/11\/black-friday.jpg\" class=\"img-responsive wp-post-image\" alt=\"black-friday\" srcset=\"https:\/\/observatoriodesigualdades.fjp.mg.gov.br\/wp-content\/uploads\/2025\/11\/black-friday.jpg 960w, https:\/\/observatoriodesigualdades.fjp.mg.gov.br\/wp-content\/uploads\/2025\/11\/black-friday-300x194.jpg 300w, https:\/\/observatoriodesigualdades.fjp.mg.gov.br\/wp-content\/uploads\/2025\/11\/black-friday-768x496.jpg 768w\" sizes=\"(max-width: 960px) 100vw, 960px\" \/><\/a><\/div><div class=\"obfx-grid-col-content\">\t\t\t<h3 class=\"entry-title obfx-grid-title\">\n\t\t\t\t\t\t\t<a href=\"https:\/\/observatoriodesigualdades.fjp.mg.gov.br\/?p=4654\" title=\"Black Friday, Natal e os del\u00edrios de consumo de um pa\u00eds desigual\">\n\t\t\t\t\tBlack Friday, Natal e os del\u00edrios de consumo de um pa\u00eds desigual\t\t\t\t<\/a>\n\t\t\t\t\t\t\t<\/h3>\n\t\t\t\t\t\t\t<div class=\"entry-meta obfx-grid-meta\">\n\n\t\t\t\t\t\t\t\t\t\t\t\t\t<span class=\"obfx-grid-date\">\n\t\t\t\t\t\t\t\t\tnovembro 28, 2025\t\t\t\t\t\t\t\t<\/span>\n\t\t\t\t\t\t\t\t\n\t\t\t\t<\/div>\n\t\t\t\t\t\t\t<div class=\"entry-content obfx-grid-content\">\n\t\t\t\t(\u2026)Estou, estou na moda.\u00c9 duro andar na moda, ainda que a modaseja negar minha identidade,troc\u00e1-la&hellip;\t\t\t<\/div>\n\t\t\t<\/div><\/article><\/div><div class=\"obfx-grid-wrapper\"><article class=\"obfx-grid-col\"><div class=\"obfx-grid-col-image\" style=\"align-self:center\"><a href=\"https:\/\/observatoriodesigualdades.fjp.mg.gov.br\/?p=4631\" title=\"Arrombar as portas: a luta pela representatividade racial no legislativo brasileiro e a supera\u00e7\u00e3o de um abismo\"><img loading=\"lazy\" decoding=\"async\" width=\"620\" height=\"300\" src=\"https:\/\/observatoriodesigualdades.fjp.mg.gov.br\/wp-content\/uploads\/2025\/11\/negros.jpeg\" class=\"img-responsive wp-post-image\" alt=\"negros\" srcset=\"https:\/\/observatoriodesigualdades.fjp.mg.gov.br\/wp-content\/uploads\/2025\/11\/negros.jpeg 620w, https:\/\/observatoriodesigualdades.fjp.mg.gov.br\/wp-content\/uploads\/2025\/11\/negros-300x145.jpeg 300w\" sizes=\"(max-width: 620px) 100vw, 620px\" \/><\/a><\/div><div class=\"obfx-grid-col-content\">\t\t\t<h3 class=\"entry-title obfx-grid-title\">\n\t\t\t\t\t\t\t<a href=\"https:\/\/observatoriodesigualdades.fjp.mg.gov.br\/?p=4631\" title=\"Arrombar as portas: a luta pela representatividade racial no legislativo brasileiro e a supera\u00e7\u00e3o de um abismo\">\n\t\t\t\t\tArrombar as portas: a luta pela representatividade racial no legislativo brasileiro e a supera\u00e7\u00e3o de um abismo\t\t\t\t<\/a>\n\t\t\t\t\t\t\t<\/h3>\n\t\t\t\t\t\t\t<div class=\"entry-meta obfx-grid-meta\">\n\n\t\t\t\t\t\t\t\t\t\t\t\t\t<span class=\"obfx-grid-date\">\n\t\t\t\t\t\t\t\t\tnovembro 24, 2025\t\t\t\t\t\t\t\t<\/span>\n\t\t\t\t\t\t\t\t\n\t\t\t\t<\/div>\n\t\t\t\t\t\t\t<div class=\"entry-content obfx-grid-content\">\n\t\t\t\t&#8220;*Legalmente temos abertas todas as portas&nbsp;deste pa\u00eds.&nbsp;Precisamos&nbsp;atravessar os batentes dessas portas.&nbsp;Arrombar as portas dessa democracia&hellip;\t\t\t<\/div>\n\t\t\t<\/div><\/article><\/div>\t\t\t\t<div class=\"obfx-grid-pagination\">\n\t\t\t\t\t\t\t\t\t\t<nav class=\"pagination\">\n\t\t\t\t\t\t<span aria-current=\"page\" class=\"page-numbers current\">1<\/span>\n<a class=\"page-numbers\" href=\"https:\/\/observatoriodesigualdades.fjp.mg.gov.br\/index.php?rest_route=%2Fwp%2Fv2%2Fpages%2F259&#038;paged=2\">2<\/a>\n<a class=\"page-numbers\" href=\"https:\/\/observatoriodesigualdades.fjp.mg.gov.br\/index.php?rest_route=%2Fwp%2Fv2%2Fpages%2F259&#038;paged=3\">3<\/a>\n<a class=\"page-numbers\" href=\"https:\/\/observatoriodesigualdades.fjp.mg.gov.br\/index.php?rest_route=%2Fwp%2Fv2%2Fpages%2F259&#038;paged=4\">4<\/a>\n<span class=\"page-numbers dots\">&hellip;<\/span>\n<a class=\"page-numbers\" href=\"https:\/\/observatoriodesigualdades.fjp.mg.gov.br\/index.php?rest_route=%2Fwp%2Fv2%2Fpages%2F259&#038;paged=23\">23<\/a>\n<a class=\"next page-numbers\" href=\"https:\/\/observatoriodesigualdades.fjp.mg.gov.br\/index.php?rest_route=%2Fwp%2Fv2%2Fpages%2F259&#038;paged=2\">Next<\/a>\t\t\t\t\t<\/nav>\n\t\t\t\t<\/div>\n\t\t\t\t<\/div><!-- .obfx-grid-container --><\/div><!-- .obfx-grid -->\t\t\t\t<\/div>\n\t\t\t\t<\/div>\n\t\t\t\t\t<\/div>\n\t\t<\/div>\n\t\t\t\t\t<\/div>\n\t\t<\/section>\n\t\t\t\t<\/div>\n\t\t","protected":false},"excerpt":{"rendered":"<p>O que os olhos n\u00e3o v\u00eaem o cora\u00e7\u00e3o n\u00e3o sente: as consequ\u00eancias ignoradas do turismo excessivo janeiro 20, 2026 Quando estamos viajando e aproveitando as lindas paisagens das cidades tur\u00edsticas, reconhecendo as dezenas de&hellip; \u201cA trilha sonora de 2025: desigualdades, resist\u00eancia e futuro\u201d dezembro 23, 2025 Aqui no Observat\u00f3rio das Desigualdades temos a tradi\u00e7\u00e3o de [&hellip;]<\/p>\n","protected":false},"author":1,"featured_media":0,"parent":0,"menu_order":0,"comment_status":"closed","ping_status":"closed","template":"elementor_header_footer","meta":{"ocean_post_layout":"","ocean_both_sidebars_style":"","ocean_both_sidebars_content_width":0,"ocean_both_sidebars_sidebars_width":0,"ocean_sidebar":"0","ocean_second_sidebar":"0","ocean_disable_margins":"enable","ocean_add_body_class":"","ocean_shortcode_before_top_bar":"","ocean_shortcode_after_top_bar":"","ocean_shortcode_before_header":"","ocean_shortcode_after_header":"","ocean_has_shortcode":"","ocean_shortcode_after_title":"","ocean_shortcode_before_footer_widgets":"","ocean_shortcode_after_footer_widgets":"","ocean_shortcode_before_footer_bottom":"","ocean_shortcode_after_footer_bottom":"","ocean_display_top_bar":"default","ocean_display_header":"default","ocean_header_style":"","ocean_center_header_left_menu":"0","ocean_custom_header_template":"0","ocean_custom_logo":0,"ocean_custom_retina_logo":0,"ocean_custom_logo_max_width":0,"ocean_custom_logo_tablet_max_width":0,"ocean_custom_logo_mobile_max_width":0,"ocean_custom_logo_max_height":0,"ocean_custom_logo_tablet_max_height":0,"ocean_custom_logo_mobile_max_height":0,"ocean_header_custom_menu":"0","ocean_menu_typo_font_family":"0","ocean_menu_typo_font_subset":"","ocean_menu_typo_font_size":0,"ocean_menu_typo_font_size_tablet":0,"ocean_menu_typo_font_size_mobile":0,"ocean_menu_typo_font_size_unit":"px","ocean_menu_typo_font_weight":"","ocean_menu_typo_font_weight_tablet":"","ocean_menu_typo_font_weight_mobile":"","ocean_menu_typo_transform":"","ocean_menu_typo_transform_tablet":"","ocean_menu_typo_transform_mobile":"","ocean_menu_typo_line_height":0,"ocean_menu_typo_line_height_tablet":0,"ocean_menu_typo_line_height_mobile":0,"ocean_menu_typo_line_height_unit":"","ocean_menu_typo_spacing":0,"ocean_menu_typo_spacing_tablet":0,"ocean_menu_typo_spacing_mobile":0,"ocean_menu_typo_spacing_unit":"","ocean_menu_link_color":"","ocean_menu_link_color_hover":"","ocean_menu_link_color_active":"","ocean_menu_link_background":"","ocean_menu_link_hover_background":"","ocean_menu_link_active_background":"","ocean_menu_social_links_bg":"","ocean_menu_social_hover_links_bg":"","ocean_menu_social_links_color":"","ocean_menu_social_hover_links_color":"","ocean_disable_title":"on","ocean_disable_heading":"on","ocean_post_title":"","ocean_post_subheading":"","ocean_post_title_style":"","ocean_post_title_background_color":"","ocean_post_title_background":0,"ocean_post_title_bg_image_position":"","ocean_post_title_bg_image_attachment":"","ocean_post_title_bg_image_repeat":"","ocean_post_title_bg_image_size":"","ocean_post_title_height":0,"ocean_post_title_bg_overlay":0.5,"ocean_post_title_bg_overlay_color":"","ocean_disable_breadcrumbs":"default","ocean_breadcrumbs_color":"","ocean_breadcrumbs_separator_color":"","ocean_breadcrumbs_links_color":"","ocean_breadcrumbs_links_hover_color":"","ocean_display_footer_widgets":"default","ocean_display_footer_bottom":"default","ocean_custom_footer_template":"0","footnotes":""},"class_list":["post-259","page","type-page","status-publish","hentry","entry","has-media"],"_links":{"self":[{"href":"https:\/\/observatoriodesigualdades.fjp.mg.gov.br\/index.php?rest_route=\/wp\/v2\/pages\/259","targetHints":{"allow":["GET"]}}],"collection":[{"href":"https:\/\/observatoriodesigualdades.fjp.mg.gov.br\/index.php?rest_route=\/wp\/v2\/pages"}],"about":[{"href":"https:\/\/observatoriodesigualdades.fjp.mg.gov.br\/index.php?rest_route=\/wp\/v2\/types\/page"}],"author":[{"embeddable":true,"href":"https:\/\/observatoriodesigualdades.fjp.mg.gov.br\/index.php?rest_route=\/wp\/v2\/users\/1"}],"replies":[{"embeddable":true,"href":"https:\/\/observatoriodesigualdades.fjp.mg.gov.br\/index.php?rest_route=%2Fwp%2Fv2%2Fcomments&post=259"}],"version-history":[{"count":118,"href":"https:\/\/observatoriodesigualdades.fjp.mg.gov.br\/index.php?rest_route=\/wp\/v2\/pages\/259\/revisions"}],"predecessor-version":[{"id":4730,"href":"https:\/\/observatoriodesigualdades.fjp.mg.gov.br\/index.php?rest_route=\/wp\/v2\/pages\/259\/revisions\/4730"}],"wp:attachment":[{"href":"https:\/\/observatoriodesigualdades.fjp.mg.gov.br\/index.php?rest_route=%2Fwp%2Fv2%2Fmedia&parent=259"}],"curies":[{"name":"wp","href":"https:\/\/api.w.org\/{rel}","templated":true}]}}